{"id":64,"date":"2011-05-16T18:28:11","date_gmt":"2011-05-16T18:28:11","guid":{"rendered":"http:\/\/www.xn--vll-ula1g.se\/?page_id=64"},"modified":"2024-04-28T17:31:34","modified_gmt":"2024-04-28T17:31:34","slug":"hem","status":"publish","type":"page","link":"https:\/\/www.xn--vll-ula1g.se\/","title":{"rendered":"V\u00e4lkommen till v\u00e5ll\u00f6.se"},"content":{"rendered":"<p>v\u00e5ll\u00f6.se \u00e4r webbplats f\u00f6r tv\u00e5 av V\u00e5ll\u00f6s f\u00f6reningar, V\u00e5ll\u00f6 Byv\u00e5rdsf\u00f6rening och V\u00e5ll\u00f6 B\u00e5tf\u00f6rening.<\/p>\n<h2>V\u00e5ll\u00f6 Byv\u00e5rdsf\u00f6rening<\/h2>\n<p>V\u00e5ll\u00f6 byv\u00e5rdsf\u00f6rening \u00e4r en \u00f6ppen f\u00f6rening, dvs alla som vill f\u00e5r vara med. Den \u00e4r till f\u00f6r s\u00e5v\u00e4l alla p\u00e5 V\u00e5ll\u00f6 som alla som \u00e4r intresserade av V\u00e5ll\u00f6 och vill fr\u00e4mja livet i sk\u00e4rg\u00e5rden!<\/p>\n<p>Byv\u00e5rdsf\u00f6reningen ansvarar f\u00f6r drift och underh\u00e5ll av Paviljongen som \u00e4r \u00f6ns gemensamhetslokal. Paviljongen kan hyras av s\u00e5v\u00e4l f\u00f6reningens medlemmar som av externa personer, f\u00f6reningar och f\u00f6retag. I Paviljongen finns k\u00f6k med kyl, frys, spis, micro, diskmaskin samt toalett med toa och dusch! D\u00e4r finns ocks\u00e5 porslin, bestick och glas f\u00f6r 50-talet personer. Uthyrningsansvarig \u00e4r Lotta Petersson, 070-600 68 92, vallo@telia.com. F\u00f6r medlemmar \u00e4r dygnshyran 400 kr och f\u00f6r privatpersoner och f\u00f6reningar som \u00e4r icke medlemmar 600 kr samt f\u00f6r f\u00f6retag 1 000 kronor. F\u00f6reningsmedlemmar p\u00e5 V\u00e5ll\u00f6 kan f\u00f6r 100 kr per tillf\u00e4lle\/dygn hyra bord och\/eller stolar f\u00f6r anv\u00e4ndning i eget hus.<\/p>\n<p>Medlem med hus p\u00e5 V\u00e5ll\u00f6 kan kostnadsfritt l\u00e5na f\u00f6reningen byggnadsst\u00e4llning i l\u00e4ttmetall. Bokning sker fysiskt i Paviljongen.<\/p>\n<p>Vill Du bli medlem i f\u00f6reningen (200 kr\/pers och \u00e5r) eller ska du betala lokalhyra g\u00f6rs det till V\u00e5ll\u00f6 byv\u00e5rdsf\u00f6renings bankgiro 202-9379.<\/p>\n<p>F\u00f6reningen tar ocks\u00e5 ansvar f\u00f6r att det finns en fungerande hj\u00e4rtstartare p\u00e5 V\u00e5ll\u00f6 (i rummet innanf\u00f6r k\u00f6ket i Paviljongen) samt att det h\u00e5lls rent och snyggt l\u00e4ngs bygatan.<\/p>\n<p>Vidare anordnas trivselaktiviteter s\u00e5som midsommarfirande, grillkv\u00e4ll, historiska f\u00f6redrag med anknytning till V\u00e5ll\u00f6.<\/p>\n<h2>V\u00e5ll\u00f6 B\u00e5tf\u00f6rening<\/h2>\n<p>B\u00e5tf\u00f6reningen \u00e4r en ekonomisk f\u00f6rening som ansvarar f\u00f6r drift och underh\u00e5ll av den gemensamma isbrytaren V\u00e5ll\u00f6 II.<\/p>\n<p>Fartyget s\u00e4krar transporten mellan \u00f6n och fastlandet p\u00e5 vintertid.<\/p>\n<p><img loading=\"lazy\" decoding=\"async\" class=\"alignleft size-medium wp-image-232\" src=\"http:\/\/www.xn--vll-ula1g.se\/wp-content\/uploads\/2011\/05\/IMG_72771-300x199.jpg\" alt=\"\" width=\"300\" height=\"199\" srcset=\"https:\/\/www.xn--vll-ula1g.se\/wp-content\/uploads\/2011\/05\/IMG_72771-300x199.jpg 300w, https:\/\/www.xn--vll-ula1g.se\/wp-content\/uploads\/2011\/05\/IMG_72771.jpg 800w\" sizes=\"(max-width: 300px) 100vw, 300px\" \/><\/p>\n<h2><strong>\u00a0<\/strong><\/h2>\n<h2>Om V\u00e5ll\u00f6<\/h2>\n<p><a href=\"https:\/\/www.xn--vll-ula1g.se\/?wpfb_dl=1\">V\u00e5ll\u00f6 med Takt\u00f6<\/a><\/p>\n<p><a href=\"https:\/\/www.xn--vll-ula1g.se\/?wpfb_dl=2\">V\u00e5ll\u00f6, en sk\u00e4rg\u00e5rds\u00f6<\/a><\/p>\n<p><a href=\"https:\/\/www.xn--vll-ula1g.se\/?wpfb_dl=4\">V\u00e5ll\u00f6s historia<\/a><\/p>\n<p><a href=\"http:\/\/www.xn--vll-ula1g.se\/wp-content\/uploads\/2011\/05\/v_sjokort.jpg\"><img loading=\"lazy\" decoding=\"async\" class=\"size-medium wp-image-25 alignleft\" title=\"Sj\u00f6kort V\u00e5ll\u00f6 med omgivande \u00f6ar\" src=\"http:\/\/www.xn--vll-ula1g.se\/wp-content\/uploads\/2011\/05\/v_sjokort-300x276.jpg\" alt=\"\" width=\"300\" height=\"276\" \/><\/a><\/p>\n","protected":false},"excerpt":{"rendered":"<p>v\u00e5ll\u00f6.se \u00e4r webbplats f\u00f6r tv\u00e5 av V\u00e5ll\u00f6s f\u00f6reningar, V\u00e5ll\u00f6 Byv\u00e5rdsf\u00f6rening och V\u00e5ll\u00f6 B\u00e5tf\u00f6rening. V\u00e5ll\u00f6 Byv\u00e5rdsf\u00f6rening V\u00e5ll\u00f6 byv\u00e5rdsf\u00f6rening \u00e4r en \u00f6ppen f\u00f6rening, dvs alla som vill f\u00e5r vara med. Den \u00e4r till f\u00f6r s\u00e5v\u00e4l alla p\u00e5 V\u00e5ll\u00f6 som alla som \u00e4r &hellip; <a href=\"https:\/\/www.xn--vll-ula1g.se\/\">L\u00e4s mer <span class=\"meta-nav\">&rarr;<\/span><\/a><\/p>\n","protected":false},"author":1,"featured_media":25,"parent":0,"menu_order":0,"comment_status":"closed","ping_status":"closed","template":"","meta":{"ngg_post_thumbnail":0,"footnotes":""},"class_list":["post-64","page","type-page","status-publish","has-post-thumbnail","hentry"],"_links":{"self":[{"href":"https:\/\/www.xn--vll-ula1g.se\/index.php?rest_route=\/wp\/v2\/pages\/64"}],"collection":[{"href":"https:\/\/www.xn--vll-ula1g.se\/index.php?rest_route=\/wp\/v2\/pages"}],"about":[{"href":"https:\/\/www.xn--vll-ula1g.se\/index.php?rest_route=\/wp\/v2\/types\/page"}],"author":[{"embeddable":true,"href":"https:\/\/www.xn--vll-ula1g.se\/index.php?rest_route=\/wp\/v2\/users\/1"}],"replies":[{"embeddable":true,"href":"https:\/\/www.xn--vll-ula1g.se\/index.php?rest_route=%2Fwp%2Fv2%2Fcomments&post=64"}],"version-history":[{"count":36,"href":"https:\/\/www.xn--vll-ula1g.se\/index.php?rest_route=\/wp\/v2\/pages\/64\/revisions"}],"predecessor-version":[{"id":1015,"href":"https:\/\/www.xn--vll-ula1g.se\/index.php?rest_route=\/wp\/v2\/pages\/64\/revisions\/1015"}],"wp:featuredmedia":[{"embeddable":true,"href":"https:\/\/www.xn--vll-ula1g.se\/index.php?rest_route=\/wp\/v2\/media\/25"}],"wp:attachment":[{"href":"https:\/\/www.xn--vll-ula1g.se\/index.php?rest_route=%2Fwp%2Fv2%2Fmedia&parent=64"}],"curies":[{"name":"wp","href":"https:\/\/api.w.org\/{rel}","templated":true}]}}